{"id":336493,"date":"2024-10-05T07:12:12","date_gmt":"2024-10-05T05:12:12","guid":{"rendered":"https:\/\/sibariscatering.com\/casaments-i-celebracions\/"},"modified":"2024-10-17T10:27:36","modified_gmt":"2024-10-17T08:27:36","slug":"casaments-i-celebracions","status":"publish","type":"page","link":"https:\/\/sibariscatering.com\/ca\/casaments-i-celebracions\/","title":{"rendered":"CASAMENTS I CELEBRACIONS"},"content":{"rendered":"<p>[et_pb_section fb_built=&#8221;1&#8243; admin_label=&#8221;Section&#8221; module_id=&#8221;seccion1&#8243; module_class=&#8221;dark-background&#8221; _builder_version=&#8221;4.27.2&#8243; _module_preset=&#8221;default&#8221; background_image=&#8221;https:\/\/sibariscatering.com\/wp-content\/uploads\/2024\/05\/JS-boda-barcelona-la-floresta-casa-familiar-sibaris-catering-lara-onac-7-77_websize.jpg&#8221; parallax=&#8221;on&#8221; min_height=&#8221;80vh&#8221; da_popup_slug=&#8221;seccion1&#8243; da_disable_devices=&#8221;off|off|off&#8221; global_colors_info=&#8221;{}&#8221; da_is_popup=&#8221;off&#8221; da_exit_intent=&#8221;off&#8221; da_has_close=&#8221;on&#8221; da_alt_close=&#8221;off&#8221; da_dark_close=&#8221;off&#8221; da_not_modal=&#8221;on&#8221; da_is_singular=&#8221;off&#8221; da_with_loader=&#8221;off&#8221; da_has_shadow=&#8221;on&#8221;][et_pb_row _builder_version=&#8221;4.26.0&#8243; _module_preset=&#8221;default&#8221; width=&#8221;100%&#8221; max_width=&#8221;100%&#8221; global_colors_info=&#8221;{}&#8221;][et_pb_column type=&#8221;4_4&#8243; _builder_version=&#8221;4.26.0&#8243; _module_preset=&#8221;default&#8221; global_colors_info=&#8221;{}&#8221;][\/et_pb_column][\/et_pb_row][et_pb_row _builder_version=&#8221;4.26.0&#8243; _module_preset=&#8221;default&#8221; global_colors_info=&#8221;{}&#8221;][et_pb_column type=&#8221;4_4&#8243; _builder_version=&#8221;4.26.0&#8243; _module_preset=&#8221;default&#8221; global_colors_info=&#8221;{}&#8221;][et_pb_text _builder_version=&#8221;4.27.2&#8243; _module_preset=&#8221;default&#8221; text_font=&#8221;OTJubilee-Diamond||||||||&#8221; text_text_color=&#8221;#FFFFFF&#8221; text_font_size=&#8221;67px&#8221; text_line_height=&#8221;0.9em&#8221; text_font_size_tablet=&#8221;67px&#8221; text_font_size_phone=&#8221;58px&#8221; text_font_size_last_edited=&#8221;on|phone&#8221; text_line_height_tablet=&#8221;0.9em&#8221; text_line_height_phone=&#8221;1.2em&#8221; text_line_height_last_edited=&#8221;on|phone&#8221; global_colors_info=&#8221;{}&#8221;]<\/p>\n<p>Brindem<br \/> i celebrem la vida<\/p>\n<p>[\/et_pb_text][et_pb_text _builder_version=&#8221;4.27.2&#8243; _module_preset=&#8221;default&#8221; text_font=&#8221;AUTHENTICSans-90||||||||&#8221; text_text_color=&#8221;#FFFFFF&#8221; text_font_size=&#8221;23px&#8221; text_line_height=&#8221;1.3em&#8221; custom_padding=&#8221;|||110px|false|false&#8221; custom_padding_tablet=&#8221;|||110px|false|false&#8221; custom_padding_phone=&#8221;|||0px|false|false&#8221; custom_padding_last_edited=&#8221;on|phone&#8221; global_colors_info=&#8221;{}&#8221;]<\/p>\n<p>A Sibaris, donem forma a aquest gran dia que tant has imaginat. I aix\u00f2 nom\u00e9s s&#8217;aconsegueix coneixent-te, parlant molt i estant en sintonia. <\/p>\n<p>[\/et_pb_text][\/et_pb_column][\/et_pb_row][\/et_pb_section][et_pb_section fb_built=&#8221;1&#8243; admin_label=&#8221;Section&#8221; module_id=&#8221;seccion2&#8243; module_class=&#8221;light-background&#8221; _builder_version=&#8221;4.27.2&#8243; _module_preset=&#8221;default&#8221; da_popup_slug=&#8221;seccion2&#8243; da_disable_devices=&#8221;off|off|off&#8221; global_colors_info=&#8221;{}&#8221; da_is_popup=&#8221;off&#8221; da_exit_intent=&#8221;off&#8221; da_has_close=&#8221;on&#8221; da_alt_close=&#8221;off&#8221; da_dark_close=&#8221;off&#8221; da_not_modal=&#8221;on&#8221; da_is_singular=&#8221;off&#8221; da_with_loader=&#8221;off&#8221; da_has_shadow=&#8221;on&#8221;][et_pb_row _builder_version=&#8221;4.26.0&#8243; _module_preset=&#8221;default&#8221; global_colors_info=&#8221;{}&#8221;][et_pb_column type=&#8221;4_4&#8243; _builder_version=&#8221;4.26.0&#8243; _module_preset=&#8221;default&#8221; global_colors_info=&#8221;{}&#8221;][et_pb_text _builder_version=&#8221;4.26.0&#8243; _module_preset=&#8221;default&#8221; text_font=&#8221;AUTHENTICSans-90||||||||&#8221; text_text_color=&#8221;#000000&#8243; text_font_size=&#8221;23px&#8221; text_line_height=&#8221;1.3em&#8221; global_colors_info=&#8221;{}&#8221;]A Sibaris entenem que cada ocasi\u00f3 especial \u00e9s \u00fanica, i \u00e9s per aix\u00f2 que ens submergim al teu m\u00f3n, escoltem els teus desitjos i ens sincronitzem amb tu. Perqu\u00e8 sabem que la veritable m\u00e0gia rau en la connexi\u00f3 genu\u00efna entre les persones. Creem futurs records.[\/et_pb_text][et_pb_button button_text=&#8221;contacta amb nosaltres&#8221; _builder_version=&#8221;4.27.2&#8243; _module_preset=&#8221;default&#8221; custom_button=&#8221;on&#8221; button_text_size=&#8221;18px&#8221; button_text_color=&#8221;#000000&#8243; button_border_radius=&#8221;30px&#8221; button_font=&#8221;AUTHENTICSans-60|||on|||||&#8221; custom_padding=&#8221;10px|50px|10px|50px|true|true&#8221; hover_enabled=&#8221;0&#8243; global_colors_info=&#8221;{}&#8221; button_bg_color__hover_enabled=&#8221;on|hover&#8221; button_bg_color__hover=&#8221;#000000&#8243; button_bg_enable_color__hover=&#8221;on&#8221; button_text_color__hover_enabled=&#8221;on|hover&#8221; button_text_color__hover=&#8221;#FFFFFF&#8221; button_url=&#8221;https:\/\/sibariscatering.com\/ca\/contacte\/&#8221; sticky_enabled=&#8221;0&#8243;][\/et_pb_button][\/et_pb_column][\/et_pb_row][\/et_pb_section][et_pb_section fb_built=&#8221;1&#8243; admin_label=&#8221;Section&#8221; module_id=&#8221;seccion3&#8243; module_class=&#8221;light-background&#8221; _builder_version=&#8221;4.27.2&#8243; _module_preset=&#8221;default&#8221; da_popup_slug=&#8221;seccion3&#8243; da_disable_devices=&#8221;off|off|off&#8221; global_colors_info=&#8221;{}&#8221; da_is_popup=&#8221;off&#8221; da_exit_intent=&#8221;off&#8221; da_has_close=&#8221;on&#8221; da_alt_close=&#8221;off&#8221; da_dark_close=&#8221;off&#8221; da_not_modal=&#8221;on&#8221; da_is_singular=&#8221;off&#8221; da_with_loader=&#8221;off&#8221; da_has_shadow=&#8221;on&#8221;][et_pb_row column_structure=&#8221;1_2,1_2&#8243; use_custom_gutter=&#8221;on&#8221; gutter_width=&#8221;2&#8243; _builder_version=&#8221;4.26.0&#8243; _module_preset=&#8221;default&#8221; width=&#8221;95%&#8221; max_width=&#8221;95%&#8221; global_colors_info=&#8221;{}&#8221;][et_pb_column type=&#8221;1_2&#8243; _builder_version=&#8221;4.26.0&#8243; _module_preset=&#8221;default&#8221; global_colors_info=&#8221;{}&#8221;][et_pb_text _builder_version=&#8221;4.26.0&#8243; _module_preset=&#8221;default&#8221; text_font=&#8221;OTJubilee-Diamond||||||||&#8221; text_text_color=&#8221;#000000&#8243; text_font_size=&#8221;68px&#8221; text_line_height=&#8221;66px&#8221; global_colors_info=&#8221;{}&#8221;]Noces que deixen empremta.[\/et_pb_text][et_pb_text _builder_version=&#8221;4.26.0&#8243; _module_preset=&#8221;default&#8221; text_font=&#8221;AUTHENTICSans-60||||||||&#8221; text_text_color=&#8221;#000000&#8243; text_font_size=&#8221;24px&#8221; text_line_height=&#8221;28px&#8221; global_colors_info=&#8221;{}&#8221;]Treballem de manera emp\u00e0tica i personalitzada perqu\u00e8 el vostre dia sigui m\u00e0gic, plasmant els vostres desitjos i la vostra hist\u00f2ria al men\u00fa ia la posada en escena. Un repte creatiu i detallista amb un sol prop\u00f2sit: fer-vos molt feli\u00e7os.[\/et_pb_text][\/et_pb_column][et_pb_column type=&#8221;1_2&#8243; _builder_version=&#8221;4.26.0&#8243; _module_preset=&#8221;default&#8221; global_colors_info=&#8221;{}&#8221;][et_pb_text _builder_version=&#8221;4.26.0&#8243; _module_preset=&#8221;default&#8221; text_font=&#8221;OTJubilee-Diamond||||||||&#8221; text_text_color=&#8221;#000000&#8243; text_font_size=&#8221;68px&#8221; text_line_height=&#8221;66px&#8221; global_colors_info=&#8221;{}&#8221;]Festes en gran.[\/et_pb_text][et_pb_text _builder_version=&#8221;4.26.0&#8243; _module_preset=&#8221;default&#8221; text_font=&#8221;AUTHENTICSans-60||||||||&#8221; text_text_color=&#8221;#000000&#8243; text_font_size=&#8221;24px&#8221; text_line_height=&#8221;28px&#8221; global_colors_info=&#8221;{}&#8221;]Celebris el que celebris, farem all\u00f2 impossible perqu\u00e8 aquest dia sigui memorable. Tant si tens una idea clara com si no saps per on comen\u00e7ar, el nostre equip creatiu us ajudar\u00e0 a donar-li forma.[\/et_pb_text][\/et_pb_column][\/et_pb_row][\/et_pb_section][et_pb_section fb_built=&#8221;1&#8243; admin_label=&#8221;Section&#8221; module_id=&#8221;seccion2&#8243; module_class=&#8221;light-background&#8221; _builder_version=&#8221;4.27.2&#8243; _module_preset=&#8221;default&#8221; da_popup_slug=&#8221;seccion2&#8243; da_disable_devices=&#8221;off|off|off&#8221; global_colors_info=&#8221;{}&#8221; da_is_popup=&#8221;off&#8221; da_exit_intent=&#8221;off&#8221; da_has_close=&#8221;on&#8221; da_alt_close=&#8221;off&#8221; da_dark_close=&#8221;off&#8221; da_not_modal=&#8221;on&#8221; da_is_singular=&#8221;off&#8221; da_with_loader=&#8221;off&#8221; da_has_shadow=&#8221;on&#8221;][et_pb_row _builder_version=&#8221;4.26.0&#8243; _module_preset=&#8221;default&#8221; global_colors_info=&#8221;{}&#8221;][et_pb_column type=&#8221;4_4&#8243; _builder_version=&#8221;4.26.0&#8243; _module_preset=&#8221;default&#8221; global_colors_info=&#8221;{}&#8221;][et_pb_text _builder_version=&#8221;4.27.2&#8243; _module_preset=&#8221;default&#8221; text_font=&#8221;OTJubilee-Diamond||||||||&#8221; text_text_color=&#8221;#000000&#8243; text_font_size=&#8221;67px&#8221; text_line_height=&#8221;0.9em&#8221; text_font_size_tablet=&#8221;67px&#8221; text_font_size_phone=&#8221;54px&#8221; text_font_size_last_edited=&#8221;on|phone&#8221; global_colors_info=&#8221;{}&#8221;]<\/p>\n<p>Personalitza el teu esdeveniment amb els nostres col\u00b7laboradors<\/p>\n<p>[\/et_pb_text][\/et_pb_column][\/et_pb_row][\/et_pb_section][et_pb_section fb_built=&#8221;1&#8243; admin_label=&#8221;Section&#8221; module_id=&#8221;seccion2&#8243; module_class=&#8221;light-background&#8221; _builder_version=&#8221;4.27.2&#8243; _module_preset=&#8221;default&#8221; da_popup_slug=&#8221;seccion2&#8243; da_disable_devices=&#8221;off|off|off&#8221; global_colors_info=&#8221;{}&#8221; da_is_popup=&#8221;off&#8221; da_exit_intent=&#8221;off&#8221; da_has_close=&#8221;on&#8221; da_alt_close=&#8221;off&#8221; da_dark_close=&#8221;off&#8221; da_not_modal=&#8221;on&#8221; da_is_singular=&#8221;off&#8221; da_with_loader=&#8221;off&#8221; da_has_shadow=&#8221;on&#8221;][et_pb_row column_structure=&#8221;1_2,1_2&#8243; use_custom_gutter=&#8221;on&#8221; gutter_width=&#8221;2&#8243; _builder_version=&#8221;4.26.0&#8243; _module_preset=&#8221;default&#8221; width=&#8221;95%&#8221; max_width=&#8221;95%&#8221; global_colors_info=&#8221;{}&#8221;][et_pb_column type=&#8221;1_2&#8243; _builder_version=&#8221;4.26.0&#8243; _module_preset=&#8221;default&#8221; global_colors_info=&#8221;{}&#8221;][et_pb_image src=&#8221;https:\/\/sibariscatering.com\/wp-content\/uploads\/2024\/05\/Frame-139.png&#8221; title_text=&#8221;Frame 139&#8243; force_fullwidth=&#8221;on&#8221; _builder_version=&#8221;4.26.0&#8243; _module_preset=&#8221;default&#8221; global_colors_info=&#8221;{}&#8221;][\/et_pb_image][et_pb_text _builder_version=&#8221;4.26.0&#8243; _module_preset=&#8221;default&#8221; text_font=&#8221;OTJubilee-Diamond||||||||&#8221; text_text_color=&#8221;#000000&#8243; text_font_size=&#8221;68px&#8221; text_line_height=&#8221;66px&#8221; global_colors_info=&#8221;{}&#8221;]C\u00e0tering 3 estrelles[\/et_pb_text][et_pb_text _builder_version=&#8221;4.26.0&#8243; _module_preset=&#8221;default&#8221; text_font=&#8221;AUTHENTICSans-60||||||||&#8221; text_text_color=&#8221;#000000&#8243; text_font_size=&#8221;24px&#8221; text_line_height=&#8221;28px&#8221; global_colors_info=&#8221;{}&#8221;]Ens hem associat amb Jordi Cruz, xef del restaurant amb tres estrelles michelin Abac. Junts hem desenvolupat una proposta gastron\u00f2mica \u00fanica.[\/et_pb_text][\/et_pb_column][et_pb_column type=&#8221;1_2&#8243; _builder_version=&#8221;4.26.0&#8243; _module_preset=&#8221;default&#8221; global_colors_info=&#8221;{}&#8221;][et_pb_image src=&#8221;https:\/\/sibariscatering.com\/wp-content\/uploads\/2024\/05\/Frame-140.png&#8221; title_text=&#8221;Frame 140&#8243; force_fullwidth=&#8221;on&#8221; _builder_version=&#8221;4.26.0&#8243; _module_preset=&#8221;default&#8221; global_colors_info=&#8221;{}&#8221;][\/et_pb_image][et_pb_text _builder_version=&#8221;4.26.0&#8243; _module_preset=&#8221;default&#8221; text_font=&#8221;OTJubilee-Diamond||||||||&#8221; text_text_color=&#8221;#000000&#8243; text_font_size=&#8221;68px&#8221; text_line_height=&#8221;66px&#8221; global_colors_info=&#8221;{}&#8221;]Sabors de la \u00edndia[\/et_pb_text][et_pb_text _builder_version=&#8221;4.26.0&#8243; _module_preset=&#8221;default&#8221; text_font=&#8221;AUTHENTICSans-60||||||||&#8221; text_text_color=&#8221;#000000&#8243; text_font_size=&#8221;24px&#8221; text_line_height=&#8221;28px&#8221; global_colors_info=&#8221;{}&#8221;]Amb el prestigi\u00f3s xef Ivan Surinder del restaurant indi Tandoor ens traslladem al pa\u00eds de les esp\u00e8cies. Esdeveniments \u00fanics que reflecteixen la riquesa cultural del pa\u00eds.[\/et_pb_text][\/et_pb_column][\/et_pb_row][et_pb_row column_structure=&#8221;1_2,1_2&#8243; use_custom_gutter=&#8221;on&#8221; gutter_width=&#8221;2&#8243; _builder_version=&#8221;4.26.0&#8243; _module_preset=&#8221;default&#8221; width=&#8221;95%&#8221; max_width=&#8221;95%&#8221; global_colors_info=&#8221;{}&#8221;][et_pb_column type=&#8221;1_2&#8243; _builder_version=&#8221;4.26.0&#8243; _module_preset=&#8221;default&#8221; global_colors_info=&#8221;{}&#8221;][et_pb_image src=&#8221;https:\/\/sibariscatering.com\/wp-content\/uploads\/2024\/05\/Frame-141.png&#8221; title_text=&#8221;Frame 141&#8243; force_fullwidth=&#8221;on&#8221; _builder_version=&#8221;4.26.0&#8243; _module_preset=&#8221;default&#8221; global_colors_info=&#8221;{}&#8221;][\/et_pb_image][et_pb_text _builder_version=&#8221;4.26.0&#8243; _module_preset=&#8221;default&#8221; text_font=&#8221;OTJubilee-Diamond||||||||&#8221; text_text_color=&#8221;#000000&#8243; text_font_size=&#8221;68px&#8221; text_line_height=&#8221;66px&#8221; global_colors_info=&#8221;{}&#8221;]Tiberi Club[\/et_pb_text][et_pb_text _builder_version=&#8221;4.26.0&#8243; _module_preset=&#8221;default&#8221; text_font=&#8221;AUTHENTICSans-60||||||||&#8221; text_text_color=&#8221;#000000&#8243; text_font_size=&#8221;24px&#8221; text_line_height=&#8221;28px&#8221; global_colors_info=&#8221;{}&#8221;]Un partner per crear moments gastron\u00f2mics especials, jugant amb els aliments, lespai i la posada en escena.[\/et_pb_text][\/et_pb_column][et_pb_column type=&#8221;1_2&#8243; _builder_version=&#8221;4.26.0&#8243; _module_preset=&#8221;default&#8221; global_colors_info=&#8221;{}&#8221;][et_pb_image src=&#8221;https:\/\/sibariscatering.com\/wp-content\/uploads\/2024\/05\/1104_SIBARIS_031-1.png&#8221; title_text=&#8221;_1104_SIBARIS_031 1&#8243; force_fullwidth=&#8221;on&#8221; _builder_version=&#8221;4.26.0&#8243; _module_preset=&#8221;default&#8221; global_colors_info=&#8221;{}&#8221;][\/et_pb_image][et_pb_text _builder_version=&#8221;4.26.0&#8243; _module_preset=&#8221;default&#8221; text_font=&#8221;OTJubilee-Diamond||||||||&#8221; text_text_color=&#8221;#000000&#8243; text_font_size=&#8221;68px&#8221; text_line_height=&#8221;66px&#8221; global_colors_info=&#8221;{}&#8221;]Sinergies creatives amb xefs.[\/et_pb_text][et_pb_text _builder_version=&#8221;4.26.0&#8243; _module_preset=&#8221;default&#8221; text_font=&#8221;AUTHENTICSans-60||||||||&#8221; text_text_color=&#8221;#000000&#8243; text_font_size=&#8221;24px&#8221; text_line_height=&#8221;28px&#8221; global_colors_info=&#8221;{}&#8221;]<\/p>\n<p><span>Aportem frescor i multiculturalitat als esdeveniments col\u00b7laborant amb Albert Raurich de 2 Palillos, Meylan i Josep Maria Kao del Grup KAO, i el talent\u00f3s reboster Christian Escrib\u00e0, entre d&#8217;altres.<\/span><\/p>\n<p>[\/et_pb_text][\/et_pb_column][\/et_pb_row][\/et_pb_section][et_pb_section fb_built=&#8221;1&#8243; fullwidth=&#8221;on&#8221; admin_label=&#8221;Section&#8221; _builder_version=&#8221;4.26.0&#8243; _module_preset=&#8221;default&#8221; da_disable_devices=&#8221;off|off|off&#8221; global_colors_info=&#8221;{}&#8221; da_is_popup=&#8221;off&#8221; da_exit_intent=&#8221;off&#8221; da_has_close=&#8221;on&#8221; da_alt_close=&#8221;off&#8221; da_dark_close=&#8221;off&#8221; da_not_modal=&#8221;on&#8221; da_is_singular=&#8221;off&#8221; da_with_loader=&#8221;off&#8221; da_has_shadow=&#8221;on&#8221;][\/et_pb_section]<\/p>\n","protected":false},"excerpt":{"rendered":"<p>Brindem i celebrem la vidaA Sibaris, donem forma a aquest gran dia que tant has imaginat. I aix\u00f2 nom\u00e9s s&#8217;aconsegueix coneixent-te, parlant molt i estant en sintonia. A Sibaris entenem que cada ocasi\u00f3 especial \u00e9s \u00fanica, i \u00e9s per aix\u00f2 que ens submergim al teu m\u00f3n, escoltem els teus desitjos i ens sincronitzem amb tu. [&hellip;]<\/p>\n","protected":false},"author":1,"featured_media":0,"parent":0,"menu_order":0,"comment_status":"closed","ping_status":"closed","template":"","meta":{"_et_pb_use_builder":"on","_et_pb_old_content":"","_et_gb_content_width":"","footnotes":""},"class_list":["post-336493","page","type-page","status-publish","hentry"],"_links":{"self":[{"href":"https:\/\/sibariscatering.com\/ca\/wp-json\/wp\/v2\/pages\/336493","targetHints":{"allow":["GET"]}}],"collection":[{"href":"https:\/\/sibariscatering.com\/ca\/wp-json\/wp\/v2\/pages"}],"about":[{"href":"https:\/\/sibariscatering.com\/ca\/wp-json\/wp\/v2\/types\/page"}],"author":[{"embeddable":true,"href":"https:\/\/sibariscatering.com\/ca\/wp-json\/wp\/v2\/users\/1"}],"replies":[{"embeddable":true,"href":"https:\/\/sibariscatering.com\/ca\/wp-json\/wp\/v2\/comments?post=336493"}],"version-history":[{"count":2,"href":"https:\/\/sibariscatering.com\/ca\/wp-json\/wp\/v2\/pages\/336493\/revisions"}],"predecessor-version":[{"id":336495,"href":"https:\/\/sibariscatering.com\/ca\/wp-json\/wp\/v2\/pages\/336493\/revisions\/336495"}],"wp:attachment":[{"href":"https:\/\/sibariscatering.com\/ca\/wp-json\/wp\/v2\/media?parent=336493"}],"curies":[{"name":"wp","href":"https:\/\/api.w.org\/{rel}","templated":true}]}}